{"id":9,"date":"2020-12-09T10:28:58","date_gmt":"2020-12-09T09:28:58","guid":{"rendered":"http:\/\/asc.sciencespo-lille.eu\/?page_id=9"},"modified":"2024-10-22T14:06:36","modified_gmt":"2024-10-22T12:06:36","slug":"presentation","status":"publish","type":"page","link":"https:\/\/asc.sciencespo-lille.eu\/","title":{"rendered":"Pr\u00e9sentation de la majeure Analyse des Soci\u00e9t\u00e9s Contemporaines"},"content":{"rendered":"\n<p>Bienvenue sur le site de la&nbsp;<strong>majeure Analyse des Soci\u00e9t\u00e9s Contemporaines (ASC)<\/strong>&nbsp;de Sciences Po Lille.<\/p>\n\n\n\n<h2 class=\"wp-block-heading\" id=\"objectif-de-la-formation\">Objectif de la formation<\/h2>\n\n\n\n<p>La majeure Analyse des Soci\u00e9t\u00e9s Contemporaines (ASC) propose aux \u00e9tudiantes et aux \u00e9tudiants des <strong>outils et m\u00e9thodes d\u2019analyse pour \u00e9tudier les grands enjeux et d\u00e9bats du monde actuel<\/strong>, <strong>\u00e0 l\u2019\u00e9chelle locale, nationale et internationale<\/strong>.<\/p>\n\n\n\n<p>Formation pluridisciplinaire, elle s\u2019appuie sur les apports des diff\u00e9rentes sciences humaines et sociales (l\u2019histoire, l\u2019\u00e9conomie, la science politique, la d\u00e9mographie, la sociologie et l\u2019ethnologie). Ouverte \u00e0 la diversit\u00e9 des approches m\u00e9thodologiques et des perspectives th\u00e9oriques, elle<strong> <\/strong>met l\u2019accent sur l\u2019<strong>appr\u00e9hension empirique des faits politiques, \u00e9conomiques et sociaux<\/strong> en initiant notamment \u00e0 la <span class=\"has-inline-color has-black-color\"><strong>pratique<\/strong> des sciences humaines et sociales.<\/span><\/p>\n\n\n\n<p>Elle vise \u00e0 former les \u00e9tudiantes et les \u00e9tudiants \u00e0 travers l\u2019<strong>acquisition des techniques et savoir-faire sp\u00e9cifiques<\/strong> des sciences humaines et sociales et le <strong>montage d\u2019op\u00e9rations p\u00e9dagogiques et scientifiques<\/strong> (organisation de journ\u00e9es d\u2019\u00e9tude, atelier de recherche, enqu\u00eate collective, \u00e9criture d\u2019article scientifique, r\u00e9alisation d&rsquo;une revue en ligne\u2026). En particulier, <strong>un<\/strong> <mark style=\"background-color:rgba(0, 0, 0, 0)\" class=\"has-inline-color has-black-color\"><strong>stage de terrain<\/strong> <\/mark><strong>est organis\u00e9 d\u00e8s le premier semestre de la quatri\u00e8me ann\u00e9e<\/strong> : durant ce stage ethnographique d&rsquo;une semaine, les \u00e9tudiantes et les \u00e9tudiants sont encadr\u00e9s par une \u00e9quipe de chercheurs et de chercheuses pour mener une enqu\u00eate monographique sur un site pr\u00e9cis (sur les questions d&#8217;emploi, d&rsquo;\u00e9cole, de logement, de mode de vie, de s\u00e9curit\u00e9, de religion, de sport etc.).  <\/p>\n\n\n\n<p>La formation doit ainsi permettre aux \u00e9tudiantes et aux \u00e9tudiants d\u2019aiguiser leur <strong>r\u00e9flexivit\u00e9<\/strong> et de mieux saisir la complexit\u00e9 de la r\u00e9alit\u00e9, pour questionner les <strong>liens entre science et action<\/strong>. <\/p>\n\n\n\n<hr class=\"wp-block-separator has-text-color has-css-opacity has-background is-style-wide\" style=\"background-color:#e6e6e6;color:#e6e6e6\"\/>\n\n\n\n<h2 class=\"wp-block-heading\" id=\"principaux-debouches\">Principaux d\u00e9bouch\u00e9s<\/h2>\n\n\n\n<p>La majeure Analyse des Soci\u00e9t\u00e9s Contemporaines (ASC) pr\u00e9pare les \u00e9tudiantes et les \u00e9tudiants <strong>aux m\u00e9tiers de l\u2019enseignement et de la recherche<\/strong> (histoire, sociologie, science politique, science \u00e9conomique, anthropologie, d\u00e9mographie&#8230;) ainsi qu\u2019\u00e0 <strong>tous les m\u00e9tiers d\u2019analyse \u00e9conomique, sociale et politique qui existent aussi en dehors du monde acad\u00e9mique<\/strong> (conseil, expertise, communication, journalisme, \u00e9dition, etc.).<\/p>\n\n\n\n<p>Elle pr\u00e9pare aussi aux diff\u00e9rentes activit\u00e9s li\u00e9es \u00e0 <strong>la profession politique<\/strong> (collaborateurs et collaboratrices d\u2019\u00e9lus par exemple).<\/p>\n\n\n\n<p><strong>Propos\u00e9e uniquement en quatri\u00e8me ann\u00e9e, elle ouvre la voie, en cinqui\u00e8me ann\u00e9e, \u00e0 quatre principales options<\/strong> :<\/p>\n\n\n\n<ul class=\"wp-block-list\">\n<li>Un <strong>master 2 \u00ab recherche \u00bb en France<\/strong> (comme celui propos\u00e9 en co-tutelle entre Sciences Po Lille et l\u2019Universit\u00e9 de Lille \u00ab M\u00e9tiers de la Recherche en Science Politique \u00bb) <strong>ou \u00e0 l&rsquo;international<\/strong>. Cette formation permet une poursuite d\u2019\u00e9tudes en doctorat (et l&rsquo;obtention d&rsquo;allocations de recherche).<\/li>\n\n\n\n<li>La <strong>pr\u00e9paration \u00e0 l\u2019Agr\u00e9gation<\/strong> de Sciences \u00c9conomiques et Sociales ou d\u2019Histoire.<\/li>\n\n\n\n<li>La <a href=\"http:\/\/cem.sciencespo-lille.eu\/\" target=\"_blank\" rel=\"noreferrer noopener\"><strong>majeure Communication et M\u00e9dia<\/strong> (CeM)<\/a>, qui forme aux m\u00e9tiers de l\u2019information et des m\u00e9dias, de la communication et de la politique.<\/li>\n\n\n\n<li>Une <strong>\u00e9cole de journalisme<\/strong>. <\/li>\n<\/ul>\n\n\n\n<hr class=\"wp-block-separator has-text-color has-css-opacity has-background is-style-wide\" style=\"background-color:#e6e6e6;color:#e6e6e6\"\/>\n\n\n\n<h2 class=\"wp-block-heading\" id=\"responsable-de-la-majeure-asc\">Responsable de la majeure ASC<\/h2>\n\n\n\n<div class=\"wp-block-media-text alignwide is-stacked-on-mobile\" style=\"grid-template-columns:30% auto\"><figure class=\"wp-block-media-text__media\"><img loading=\"lazy\" decoding=\"async\" width=\"1024\" height=\"1024\" src=\"https:\/\/asc.sciencespo-lille.eu\/wp-content\/uploads\/2024\/10\/kaciaf-1024x1024.png\" alt=\"\" class=\"wp-image-402 size-full\" srcset=\"https:\/\/asc.sciencespo-lille.eu\/wp-content\/uploads\/2024\/10\/kaciaf-1024x1024.png 1024w, https:\/\/asc.sciencespo-lille.eu\/wp-content\/uploads\/2024\/10\/kaciaf-300x300.png 300w, https:\/\/asc.sciencespo-lille.eu\/wp-content\/uploads\/2024\/10\/kaciaf-150x150.png 150w, https:\/\/asc.sciencespo-lille.eu\/wp-content\/uploads\/2024\/10\/kaciaf-768x768.png 768w, https:\/\/asc.sciencespo-lille.eu\/wp-content\/uploads\/2024\/10\/kaciaf.png 1181w\" sizes=\"auto, (max-width: 1024px) 100vw, 1024px\" \/><\/figure><div class=\"wp-block-media-text__content\">\n<p class=\"has-large-font-size\"><strong>Nicolas Kaciaf<\/strong><\/p>\n\n\n\n<p><strong>Ma\u00eetre de conf\u00e9rences en science politique<\/strong><\/p>\n\n\n\n<p>Domaines de recherche : Science politique ; sciences sociales ; sociologie des m\u00e9dias ; Opinion publique ; \u00e9tudes et sondages.<\/p>\n<\/div><\/div>\n\n\n\n<div style=\"height:21px\" aria-hidden=\"true\" class=\"wp-block-spacer\"><\/div>\n\n\n\n<h2 class=\"wp-block-heading\" id=\"edito-du-responsable-de-la-majeure-asc\">\u00c9dito du responsable de la majeure ASC<\/h2>\n\n\n\n<p class=\"has-drop-cap\">Propos\u00e9e uniquement en 4<sup>\u00e8me<\/sup> ann\u00e9e, la nouvelle majeure \u00ab&nbsp;Analyse des soci\u00e9t\u00e9s contemporaines&nbsp;\u00bb se veut en prise avec les enjeux actuels (<strong><span class=\"has-inline-color has-black-color\">du local au global<\/span><\/strong>) pour envisager les<strong> <span class=\"has-inline-color has-black-color\">liens entre savoir et pouvoir<\/span><\/strong>. Elle revendique une double originalit\u00e9.<\/p>\n\n\n\n<p>D\u2019une part, elle entend promouvoir la <strong>pluridisciplinarit\u00e9<\/strong> et la vari\u00e9t\u00e9 des approches en <strong>sciences humaines et sociales<\/strong>. Tout en reconnaissant la sp\u00e9cificit\u00e9 des diff\u00e9rentes traditions disciplinaires, elle vise \u00e0 cultiver les \u00e9changes pour offrir un regard novateur et pour laisser la plus grande <strong>libert\u00e9<\/strong> aux \u00e9tudiantes et aux \u00e9tudiants dans le choix de leur objet de recherche et de leur approche.<\/p>\n\n\n\n<p>D\u2019autre part, elle propose de saisir empiriquement (y compris dans leur historicit\u00e9) les ph\u00e9nom\u00e8nes politiques, \u00e9conomiques et sociaux ; <strong>loin<\/strong> <strong>d\u2019opposer th\u00e9orie et pratique<\/strong>, <strong>elle invite \u00e0 penser la soci\u00e9t\u00e9 \u00e0 travers une v\u00e9ritable d\u00e9marche de recherche consistant \u00e0 se confronter aux faits, \u00e0 la r\u00e9alit\u00e9, au<\/strong> \u00ab&nbsp;<strong>terrain<\/strong>&nbsp;\u00bb. Elle porte aussi un int\u00e9r\u00eat particulier aux <strong><span class=\"has-inline-color has-black-color\">exp\u00e9rimentations<\/span><\/strong> et m\u00e9thodes \u00e9mergentes.<\/p>\n\n\n\n<p>Si le contenu de la formation est ainsi tr\u00e8s ouvert dans les th\u00e9matiques abord\u00e9es, <strong>la majeure met l\u2019accent sur l\u2019<\/strong><span class=\"has-inline-color has-black-color\"><strong>acquisition de savoir-faire et la ma\u00eetrise des<\/strong> <strong>techniques de recherche<\/strong> <strong>dans un objectif de professionnalisation<\/strong>. Le <strong>travail d\u2019enqu\u00eate<\/strong><\/span> (archivistique, statistique, ethnographique, num\u00e9rique) est, de fait, inscrit au c\u0153ur de la formation.<\/p>\n\n\n\n<p>Si une des finalit\u00e9s de la majeure est de former aux m\u00e9tiers de l\u2019<strong>enseignement<\/strong> et de la <strong>recherche<\/strong>, elle est aussi destin\u00e9e \u00e0 tous celles et ceux qui entendent s\u2019appuyer sur les apports des sciences sociales en dehors m\u00eame du monde acad\u00e9mique (<strong>m\u00e9dias, associations, partis politiques, syndicats,<em> think tanks<\/em><\/strong>,\u2026) pour contribuer \u00e0 la <strong>vie de la cit\u00e9<\/strong>.<\/p>\n\n\n\n<p>Les <strong>d\u00e9bouch\u00e9s<\/strong> de la majeure sont \u00e0 l\u2019image&nbsp;de la formation : <strong>diversifi\u00e9s<\/strong> (m\u00e9tiers de l\u2019analyse \u00e9conomique, sociale et politique dans les organisations publiques, parapubliques, priv\u00e9es ou associatives&nbsp;; m\u00e9tiers du journalisme, de l\u2019\u00e9dition et de la vulgarisation scientifique&nbsp;; m\u00e9tiers de la communication et des \u00e9tudes d\u2019opinion&nbsp;; m\u00e9tiers du politique&#8230;).&nbsp;&nbsp;&nbsp;&nbsp;<\/p>\n\n\n\n<p class=\"has-text-align-right\"><strong>Nicolas Kaciaf<\/strong><\/p>\n","protected":false},"excerpt":{"rendered":"<p>Bienvenue sur le site de la&nbsp;majeure Analyse des Soci\u00e9t\u00e9s Contemporaines (ASC)&nbsp;de Sciences Po Lille. Objectif de la formation La majeure Analyse des Soci\u00e9t\u00e9s Contemporaines (ASC) propose aux \u00e9tudiantes et aux \u00e9tudiants des outils et m\u00e9thodes d\u2019analyse pour \u00e9tudier les grands enjeux et d\u00e9bats du monde actuel, \u00e0 l\u2019\u00e9chelle locale, nationale et internationale. Formation pluridisciplinaire, elle [&hellip;]<\/p>\n","protected":false},"author":1,"featured_media":0,"parent":0,"menu_order":0,"comment_status":"closed","ping_status":"closed","template":"","meta":{"_seopress_robots_primary_cat":"","_seopress_titles_title":"","_seopress_titles_desc":"","_seopress_robots_index":"","ocean_post_layout":"","ocean_both_sidebars_style":"","ocean_both_sidebars_content_width":0,"ocean_both_sidebars_sidebars_width":0,"ocean_sidebar":"0","ocean_second_sidebar":"0","ocean_disable_margins":"enable","ocean_add_body_class":"","ocean_shortcode_before_top_bar":"","ocean_shortcode_after_top_bar":"","ocean_shortcode_before_header":"","ocean_shortcode_after_header":"","ocean_has_shortcode":"","ocean_shortcode_after_title":"","ocean_shortcode_before_footer_widgets":"","ocean_shortcode_after_footer_widgets":"","ocean_shortcode_before_footer_bottom":"","ocean_shortcode_after_footer_bottom":"","ocean_display_top_bar":"default","ocean_display_header":"default","ocean_header_style":"","ocean_center_header_left_menu":"0","ocean_custom_header_template":"0","ocean_custom_logo":0,"ocean_custom_retina_logo":0,"ocean_custom_logo_max_width":0,"ocean_custom_logo_tablet_max_width":0,"ocean_custom_logo_mobile_max_width":0,"ocean_custom_logo_max_height":0,"ocean_custom_logo_tablet_max_height":0,"ocean_custom_logo_mobile_max_height":0,"ocean_header_custom_menu":"0","ocean_menu_typo_font_family":"0","ocean_menu_typo_font_subset":"","ocean_menu_typo_font_size":0,"ocean_menu_typo_font_size_tablet":0,"ocean_menu_typo_font_size_mobile":0,"ocean_menu_typo_font_size_unit":"px","ocean_menu_typo_font_weight":"","ocean_menu_typo_font_weight_tablet":"","ocean_menu_typo_font_weight_mobile":"","ocean_menu_typo_transform":"","ocean_menu_typo_transform_tablet":"","ocean_menu_typo_transform_mobile":"","ocean_menu_typo_line_height":0,"ocean_menu_typo_line_height_tablet":0,"ocean_menu_typo_line_height_mobile":0,"ocean_menu_typo_line_height_unit":"","ocean_menu_typo_spacing":0,"ocean_menu_typo_spacing_tablet":0,"ocean_menu_typo_spacing_mobile":0,"ocean_menu_typo_spacing_unit":"","ocean_menu_link_color":"","ocean_menu_link_color_hover":"","ocean_menu_link_color_active":"","ocean_menu_link_background":"","ocean_menu_link_hover_background":"","ocean_menu_link_active_background":"","ocean_menu_social_links_bg":"","ocean_menu_social_hover_links_bg":"","ocean_menu_social_links_color":"","ocean_menu_social_hover_links_color":"","ocean_disable_title":"default","ocean_disable_heading":"default","ocean_post_title":"","ocean_post_subheading":"","ocean_post_title_style":"","ocean_post_title_background_color":"","ocean_post_title_background":0,"ocean_post_title_bg_image_position":"","ocean_post_title_bg_image_attachment":"","ocean_post_title_bg_image_repeat":"","ocean_post_title_bg_image_size":"","ocean_post_title_height":0,"ocean_post_title_bg_overlay":0.5,"ocean_post_title_bg_overlay_color":"","ocean_disable_breadcrumbs":"default","ocean_breadcrumbs_color":"","ocean_breadcrumbs_separator_color":"","ocean_breadcrumbs_links_color":"","ocean_breadcrumbs_links_hover_color":"","ocean_display_footer_widgets":"default","ocean_display_footer_bottom":"default","ocean_custom_footer_template":"0","footnotes":""},"class_list":["post-9","page","type-page","status-publish","hentry","entry"],"_links":{"self":[{"href":"https:\/\/asc.sciencespo-lille.eu\/index.php\/wp-json\/wp\/v2\/pages\/9","targetHints":{"allow":["GET"]}}],"collection":[{"href":"https:\/\/asc.sciencespo-lille.eu\/index.php\/wp-json\/wp\/v2\/pages"}],"about":[{"href":"https:\/\/asc.sciencespo-lille.eu\/index.php\/wp-json\/wp\/v2\/types\/page"}],"author":[{"embeddable":true,"href":"https:\/\/asc.sciencespo-lille.eu\/index.php\/wp-json\/wp\/v2\/users\/1"}],"replies":[{"embeddable":true,"href":"https:\/\/asc.sciencespo-lille.eu\/index.php\/wp-json\/wp\/v2\/comments?post=9"}],"version-history":[{"count":23,"href":"https:\/\/asc.sciencespo-lille.eu\/index.php\/wp-json\/wp\/v2\/pages\/9\/revisions"}],"predecessor-version":[{"id":404,"href":"https:\/\/asc.sciencespo-lille.eu\/index.php\/wp-json\/wp\/v2\/pages\/9\/revisions\/404"}],"wp:attachment":[{"href":"https:\/\/asc.sciencespo-lille.eu\/index.php\/wp-json\/wp\/v2\/media?parent=9"}],"curies":[{"name":"wp","href":"https:\/\/api.w.org\/{rel}","templated":true}]}}